{"id":35353,"date":"2020-02-01T06:43:40","date_gmt":"2020-02-01T05:43:40","guid":{"rendered":"https:\/\/visionarymarketing.com\/?page_id=35353"},"modified":"2025-05-09T07:32:37","modified_gmt":"2025-05-09T05:32:37","slug":"environnement-de-travail-futur","status":"publish","type":"page","link":"https:\/\/visionarymarketing.com\/fr\/environnement-de-travail-futur\/","title":{"rendered":"Dossier Environnement de travail du futur"},"content":{"rendered":"<p><em>Ceci est une s\u00e9rie compl\u00e8te sur l&rsquo; <strong>Environnement de Travail\u00a0num\u00e9rique du futur<\/strong>. <a href=\"https:\/\/visionarymarketing.com\/fr\/2019\/04\/technologie-innovation\/\">Technologie, innovation<\/a> et digital, mais aussi organisation et ressources humaines, sont au centre de cette enqu\u00eate qui pose les questions fondamentales de nos environnements de travail et de la fa\u00e7on dont leur \u00e9volution transforme d\u00e9j\u00e0 et transformera d\u00e8s demain le travail des employ\u00e9s du monde entier.<\/em><\/p>\n<h2>Dossier Environnement de travail du futur<\/h2>\n<figure id=\"attachment_45731\" aria-describedby=\"caption-attachment-45731\" style=\"width: 799px\" class=\"wp-caption aligncenter\"><img decoding=\"async\" class=\"wp-image-45731 size-full\" src=\"https:\/\/visionarymarketing.com\/wp-content\/uploads\/2020\/02\/12389446033_aab3d8f0ae_c.jpg\" alt=\"un environnement de travail qui a bien \u00e9volu\u00e9 en quelques ann\u00e9es et ce n'est pas fini\" width=\"799\" height=\"534\" srcset=\"https:\/\/visionarymarketing.com\/wp-content\/uploads\/2020\/02\/12389446033_aab3d8f0ae_c.jpg 799w, https:\/\/visionarymarketing.com\/wp-content\/uploads\/2020\/02\/12389446033_aab3d8f0ae_c-449x300.jpg 449w, https:\/\/visionarymarketing.com\/wp-content\/uploads\/2020\/02\/12389446033_aab3d8f0ae_c-768x513.jpg 768w\" sizes=\"(max-width: 799px) 100vw, 799px\" \/><figcaption id=\"caption-attachment-45731\" class=\"wp-caption-text\">un environnement de travail qui a bien \u00e9volu\u00e9 en quelques ann\u00e9es et ce n&rsquo;est pas fini<\/figcaption><\/figure>\n<h3>Comment d\u00e9crire l&rsquo;environnement de travail du futur ?<\/h3>\n<p>Dans ce dossier, nous nous effor\u00e7ons de toucher \u00e0 toutes les facettes de l&rsquo;innovation et de l&rsquo;impact de la technologie sur notre travail de tous les jours. Nous y abordons certains aspects technologiques, mais aussi organisationnels, humains, de formation de comp\u00e9tences, d&rsquo;\u00e9volution du monde du travail, etc.\u00a0Notre vision de l\u2019environnement de travail du futur se caract\u00e9rise par une transformation profonde des espaces, des pratiques manag\u00e9riales et des attentes des collaborateurs.<\/p>\n<p><em><img decoding=\"async\" class=\"aligncenter wp-image-54676 size-full\" src=\"https:\/\/visionarymarketing.com\/wp-content\/uploads\/2020\/09\/et-banniere-large.png\" alt=\"Dossier Environnement de travail du futur\" width=\"650\" height=\"174\" srcset=\"https:\/\/visionarymarketing.com\/wp-content\/uploads\/2020\/09\/et-banniere-large.png 650w, https:\/\/visionarymarketing.com\/wp-content\/uploads\/2020\/09\/et-banniere-large-500x134.png 500w\" sizes=\"(max-width: 650px) 100vw, 650px\" \/><\/em><\/p>\n<div class=\"mceTemp\"><\/div>\n<h3>Sommaire du dossier environnement du travail du futur en partenariat avec <a href=\"https:\/\/selceon.com\/\">Selceon<\/a><\/h3>\n<p><strong>Un dossier sur l&rsquo;environnement de travail sous tous ses angles<\/strong><\/p>\n<p>Ce dossier est \u00e9galement con\u00e7u comme un travail vivant qui pourra \u00e9voluer au fil des discussions et des implications que nous aurons avec les diff\u00e9rents acteurs que nous interviewerons pour peupler et animer ce dossier.<\/p>\n<hr \/>\n<p><img decoding=\"async\" class=\"wp-image-16675 size-full alignright\" src=\"https:\/\/visionarymarketing.com\/wp-content\/uploads\/2014\/12\/icontransparence-small1.png\" alt=\"Dossier Environnement de travail du futur\" width=\"100\" height=\"157\" \/><span style=\"color: #333399;\"><em>Ce dossier est r\u00e9alis\u00e9 en partenariat avec <a href=\"https:\/\/selceon.com\" target=\"_blank\" rel=\"noopener noreferrer\">Selceon<\/a>, nouvel acteur depuis 2016 de la virtualisation du poste de travail. Selceon a \u00e9t\u00e9 cr\u00e9\u00e9e par deux pionniers du domaine, responsables de l&rsquo;introduction des premi\u00e8res technologies Citrix en France il y a plus de 20 ans. Leur vision technologique mais aussi organisationnelle et humaine sera mise \u00e0 contribution dans ce dossier de fa\u00e7on \u00e0 b\u00e9n\u00e9ficier de leurs \u00e9clairages.<\/em><\/span><\/p>\n<hr \/>\n<h3>Sommaire du dossier<\/h3>\n<ol>\n<li><a href=\"#1\">L&rsquo;environnement de travail commence avec le poste de travail<\/a><\/li>\n<li><a href=\"#2\">M\u00e9tiers de l\u2019IT : des DSI chahut\u00e9es mais pas menac\u00e9es de disparition<\/a><\/li>\n<li><a href=\"#3\">Digital workplace ultramoderne vs environnement de travail traditionaliste<\/a><\/li>\n<li><a href=\"#4\">Pourquoi toutes les entreprises doivent miser sur l\u2019informatique<\/a><\/li>\n<li><a href=\"#5\">Innovation : les critiques \u00e0 l&rsquo;\u00e9gard des DSI<\/a><\/li>\n<li><a href=\"#6\">Les 3 enjeux de la mise en \u0153uvre de la Digital Workplace<\/a><\/li>\n<li><a href=\"#7\">Le d\u00e9veloppement viral du t\u00e9l\u00e9travail par temps de confinement<\/a><\/li>\n<li><a href=\"#8\">Crise coronavirus : un impact durable sur les m\u00e9thodes de travail<\/a><\/li>\n<li><a href=\"#9\">Les utilisateurs moteurs de la digital workplace<\/a><\/li>\n<li><a href=\"#10\">La transformation digitale s\u2019est-elle acc\u00e9l\u00e9r\u00e9e sous l\u2019effet du coronavirus ?<\/a><\/li>\n<li><a href=\"#11\">Zoom ou la pand\u00e9mie de Webconf\u00e9rence par temps de confinement<\/a><\/li>\n<li><a href=\"#12\">Android est-il d\u00e9j\u00e0 le syst\u00e8me d\u2019exploitation (OS) du futur ?<\/a><\/li>\n<li><a href=\"#14\">Poste de travail virtuel (VDI) : votre ordinateur dans le nuage<\/a><\/li>\n<li><a href=\"#14\">EDF : la Digital Workplace change les habitudes des collaborateurs<\/a><\/li>\n<li><a href=\"#15\">Le Mobile Device Management (MDM) est mort, vive l&rsquo;UEM !<\/a><\/li>\n<li><a href=\"#16\">R\u00e9flexion sur les impacts possibles de l\u2019IA sur le poste de travail et sa gestion<\/a><\/li>\n<li><a href=\"#17\">Management de projets : 5 \u00e9tapes pour passer \u00e0 la m\u00e9thode Agile<\/a><\/li>\n<li><a href=\"#18\">Etat des lieux et avenir de l&rsquo;Open Source<\/a><\/li>\n<li><a href=\"#19\">L\u2019innovation IT touche autant la production que le d\u00e9veloppement sinon plus\u00a0<\/a><\/li>\n<li><a href=\"#20\">BYOD et CYOD : \u00e9tat des lieux chez Suez Smart Solutions apr\u00e8s le COVID<\/a><\/li>\n<li><a href=\"#21\">Grands projets : une informatique raisonn\u00e9e pour mettre fin au \u00ab\u00a0g\u00e2chis\u00a0\u00bb<\/a><\/li>\n<li><a href=\"#22\">3 livres blancs sur l&rsquo;environnement de travail du futur<\/a><\/li>\n<\/ol>\n<div id=\"1\"><\/div>\n<h3><a href=\"https:\/\/visionarymarketing.com\/fr\/2020\/02\/poste-de-travail\/\">L&rsquo;environnement de travail commence avec le poste de travail<\/a><\/h3>\n<p><em><img decoding=\"async\" class=\"size-thumbnail wp-image-45803 alignleft\" src=\"https:\/\/visionarymarketing.com\/wp-content\/uploads\/2020\/01\/O8VQ5Dm-e1580468112990-150x150.jpg\" alt=\"\" width=\"150\" height=\"150\" \/>Votre environnement de travail est avant tout, de nos jours, compos\u00e9 d&rsquo;un \u00a0\u00bb <strong>poste de travail<\/strong> \u00ab\u00a0. Cela peut para\u00eetre \u00e9vident \u00e0 ceux qui n&rsquo;auraient jamais connu les p\u00e9riodes initiales de l&rsquo;informatisation des entreprises et pourtant. L&rsquo;ordinateur personnel est n\u00e9 en 1982 et avant cette date, pas de machine surpuissante sur les bureaux, pas de messageries automatis\u00e9es, pas d&rsquo;outils de collaboration.<\/em><\/p>\n<div id=\"2\"><\/div>\n<h3><a href=\"https:\/\/visionarymarketing.com\/fr\/2020\/02\/metiers-it-2\/\">M\u00e9tiers de l\u2019IT : des DSI chahut\u00e9es mais pas menac\u00e9es de disparition<\/a><\/h3>\n<p><em><a href=\"https:\/\/visionarymarketing.com\/fr\/2020\/02\/metiers-it-2\/\" target=\"_blank\" rel=\"noopener noreferrer\"><img decoding=\"async\" class=\"alignright wp-image-35335 size-thumbnail\" src=\"https:\/\/visionarymarketing.com\/wp-content\/uploads\/2020\/01\/jumpstory-download20200113-094546-scaled-e1578908823500-150x150.jpg\" alt=\"Dossier Environnement de travail du futur\" width=\"150\" height=\"150\" \/><\/a>La d\u00e9cennie \u00e9coul\u00e9e aura \u00e9t\u00e9 \u00e9prouvante pour la DSI, mise \u00e0 mal par l\u2019accessibilit\u00e9 des outils num\u00e9riques aux m\u00e9tiers (shadow IT). Pourtant, l&rsquo;IT est un des \u00e9l\u00e9ments fondamentaux de la transformation des entreprises et des mod\u00e8les \u00e9conomiques. Et ses m\u00e9tiers sont fortement demand\u00e9s.<\/em><\/p>\n<div id=\"3\"><\/div>\n<h3><a href=\"https:\/\/visionarymarketing.com\/fr\/2020\/02\/digital-workplace\/\">Digital workplace ultramoderne vs environnement de travail traditionaliste<\/a><\/h3>\n<p>La \u00ab digital Workplace \u00bb est au centre du d\u00e9collage des usages synchrones de la collaboration qui se g\u00e9n\u00e9ralise apr\u00e8s des ann\u00e9es d\u2019\u00e9vang\u00e9lisation. A l&rsquo;oppos\u00e9, les grands comptes ne sont pas encore pr\u00eats \u00e0 accepter que \u201cle travail \u00e0 distance d\u00e9passe un ou deux jours\u201d, m\u00eame pendant la gr\u00e8ve.<\/p>\n<h3><a href=\"https:\/\/visionarymarketing.com\/fr\/2020\/02\/informatique-entreprise-2\/\">Pourquoi toutes les entreprises doivent miser sur l\u2019informatique<\/a><\/h3>\n<p><i><img decoding=\"async\" class=\"alignright wp-image-45731 size-thumbnail\" src=\"https:\/\/visionarymarketing.com\/wp-content\/uploads\/2020\/02\/12389446033_aab3d8f0ae_c-150x150.jpg\" alt=\"Dossier Environnement de travail du futur\" width=\"150\" height=\"150\" \/>Depuis le IT doesn\u2019t matter de Nicholas Carr de 2002, beaucoup d\u2019eau a coul\u00e9 sous les ponts. Au point de faire dire \u00e0 certains que l\u2019informatique est devenue le m\u00e9tier de toutes les entreprises.\u00a0<b>Voyons ici pourquoi la situation s\u2019est compl\u00e8tement invers\u00e9e en\u00a0<\/b><b>\u00e0 peine\u00a0<\/b><b>vingt ans<\/b><b>\u00a0au point de\u00a0<\/b><b>contredire totalement\u00a0<\/b><b>Nicholas Carr<\/b>.<span data-ccp-props=\"{&quot;134233117&quot;:true,&quot;134233118&quot;:true,&quot;201341983&quot;:0,&quot;335559740&quot;:240}\">\u00a0<\/span><\/i><\/p>\n<div id=\"5\"><\/div>\n<h3><a href=\"https:\/\/visionarymarketing.com\/fr\/2020\/02\/critiques-dsi\/\">Innovation : les critiques \u00e0 l&rsquo;\u00e9gard des DSI<\/a><\/h3>\n<p><em><img decoding=\"async\" class=\"size-thumbnail wp-image-45727 alignleft\" src=\"https:\/\/visionarymarketing.com\/wp-content\/uploads\/2020\/02\/O8VQ5Dm-150x150.jpg\" alt=\"\" width=\"150\" height=\"150\" \/>Le temps a chang\u00e9 la <strong>perception de l\u2019IT par les utilisateurs<\/strong>, qui ne la consid\u00e8rent plus comme un animal \u00e9trange (car elle est devenue banale). Ce n\u2019est pas pour autant que les critiques ont arr\u00eat\u00e9 de fuser \u00e0 l\u2019\u00e9gard de la DSI. Critiques sont-elles justifi\u00e9es\u202f ? C\u2019est l\u2019enqu\u00eate du jour, r\u00e9alis\u00e9e dans le cadre de notre dossier sur l\u2019Environnement de Travail du futur avec notre sponsor Selceon, et l\u2019interview de son co-fondateur Eric Tavidian.<\/em><!--more--><\/p>\n<h3><a href=\"https:\/\/visionarymarketing.com\/fr\/2020\/03\/enjeux-digital-workplace\/\">Les 3 enjeux de la mise en \u0153uvre de la Digital Workplace<\/a><\/h3>\n<p><img decoding=\"async\" class=\"size-thumbnail wp-image-50991 alignright\" src=\"https:\/\/visionarymarketing.com\/wp-content\/uploads\/2020\/03\/IT4Biz-2602207531-scaled-1-150x150.jpeg\" alt=\"\" width=\"150\" height=\"150\" \/><em>La matinale IT for business du 26 f\u00e9vrier 2020 d\u00e9di\u00e9e \u00e0 la Digital Workplace a \u00e9t\u00e9 riche d\u2019enseignements. Commen\u00e7ons ici avec le t\u00e9moignage d\u2019Andr\u00e9 Wei, CTO de Chantelle, qui a \u00e9voqu\u00e9 les enjeux de la Digital Workplace de demain avec beaucoup de pertinence.<\/em><\/p>\n<div id=\"7\"><\/div>\n<h3><a href=\"https:\/\/visionarymarketing.com\/fr\/2020\/03\/teletravail-confinement\/\">Le d\u00e9veloppement viral du t\u00e9l\u00e9travail par temps de confinement<\/a><\/h3>\n<p><em><img decoding=\"async\" class=\"size-thumbnail wp-image-51756 alignleft\" src=\"https:\/\/visionarymarketing.com\/wp-content\/uploads\/2020\/03\/Coronavirus-MAC-Montreal-e1584427333837-150x150.jpg\" alt=\"Coronavirus t\u00e9l\u00e9travail\" width=\"150\" height=\"150\" \/>Avec l\u2019arriv\u00e9e du confinement, le t\u00e9l\u00e9travail est sur toutes les l\u00e8vres depuis quelques jours. Et m\u00eame depuis quelques mois car nous avons encha\u00een\u00e9 les difficult\u00e9s : gr\u00e8ves et incidents \u00e0 r\u00e9p\u00e9tition, et maintenant cerise sur le g\u00e2teau, le coronavirus qui depuis hier soir nous a renvoy\u00e9 \u00e0 la maison, et ceci pour une dur\u00e9e minimum de 15 jours.<\/em><\/p>\n<div id=\"8\"><\/div>\n<h3><a href=\"https:\/\/visionarymarketing.com\/fr\/2020\/03\/methodes-de-travail\/\">Crise coronavirus : un impact durable sur les m\u00e9thodes de travail<\/a><\/h3>\n<p><em><img decoding=\"async\" class=\"alignright size-thumbnail wp-image-51961\" src=\"https:\/\/visionarymarketing.com\/wp-content\/uploads\/2020\/03\/Screenshot-2020-03-27-at-07.58.41-e1585293169677-150x150.png\" alt=\"\" width=\"150\" height=\"150\" \/>La p\u00e9riode de confinement actuelle aura-t-elle un impact durable sur les m\u00e9thodes de travail ? C\u2019est bien possible si on en croit le retour d\u2019exp\u00e9rience de Didier Pawlak, DSI du groupe P\u00e9n\u00e9lope que je viens d\u2019interviewer.\u00a0<\/em><\/p>\n<div id=\"9\"><\/div>\n<h3><a href=\"https:\/\/visionarymarketing.com\/fr\/2020\/03\/utilisateurs-digital-workplace\/\">Les utilisateurs moteurs de la digital workplace<\/a><\/h3>\n<p><em><img decoding=\"async\" class=\"alignleft size-thumbnail wp-image-52025\" src=\"https:\/\/visionarymarketing.com\/wp-content\/uploads\/2020\/03\/Search-1-of-1-e1585633753203-150x150.jpg\" alt=\"\" width=\"150\" height=\"150\" \/>Les utilisateurs sont le v\u00e9ritable moteur de la transformation digitale en mati\u00e8re de Digital Workplace.\u00a0<\/em><em>Quiconque en aurait dout\u00e9 trouvera la contradiction dans ce t\u00e9moignage qui est la suite de mon reportage sur la Digital Workplace \u00e0 l\u2019issue de la conf\u00e9rence organis\u00e9e par IT for business fin f\u00e9vrier.\u00a0<\/em><\/p>\n<div id=\"10\"><\/div>\n<h3><a href=\"https:\/\/visionarymarketing.com\/fr\/2020\/04\/transformation-digitale-coronavirus\/\">La transformation digitale s\u2019est-elle acc\u00e9l\u00e9r\u00e9e sous l\u2019effet du coronavirus ?<\/a><\/h3>\n<p><em><img decoding=\"async\" class=\"alignright size-thumbnail wp-image-52275\" src=\"https:\/\/visionarymarketing.com\/wp-content\/uploads\/2020\/04\/2020-04-0401-150x150.jpg\" alt=\"\" width=\"150\" height=\"150\" \/>La transformation digitale s\u2019est-elle acc\u00e9l\u00e9r\u00e9e sous l\u2019effet du coronavirus ? Et pourtant. Au-del\u00e0 des impacts n\u00e9gatifs imm\u00e9diats sur l\u2019\u00e9conomie, si on se force \u00e0 prendre un peu de recul, la crise actuelle, entre autres choses, a eu pour effet de faire d\u00e9coller le t\u00e9l\u00e9travail de mani\u00e8re syst\u00e9matique et brutale.<\/em><\/p>\n<div id=\"11\"><\/div>\n<h3><a href=\"https:\/\/visionarymarketing.com\/fr\/2020\/04\/zoom-webconference-virus\/\">Zoom ou la pand\u00e9mie de Webconf\u00e9rence par temps de confinement<\/a><\/h3>\n<p><em><img decoding=\"async\" class=\"wp-image-52564 size-thumbnail alignleft\" src=\"https:\/\/visionarymarketing.com\/wp-content\/uploads\/2020\/04\/jumpstory-download20200415-061515-150x150.jpg\" alt=\"Zoom\" width=\"150\" height=\"150\" \/><\/em><\/p>\n<p><em>Je suis tomb\u00e9 sur cet article de Simon Pitt, responsable du digital \u00e0 la BBC, qui met les points sur les \u201ci\u201d \u00e0 propos de l&rsquo;utilisation de Zoom, l&rsquo;application de Webconf\u00e9rence qui a conquis le monde par temps de confinement.<\/em><\/p>\n<h3><\/h3>\n<div id=\"12\"><\/div>\n<h3><a href=\"https:\/\/visionarymarketing.com\/fr\/2020\/04\/android-os-futur\/\">Android est-il d\u00e9j\u00e0 le syst\u00e8me d\u2019exploitation (OS) du futur ?<\/a><\/h3>\n<p><em><img decoding=\"async\" class=\"wp-image-52654 size-thumbnail alignright\" src=\"https:\/\/visionarymarketing.com\/wp-content\/uploads\/2020\/04\/selceon-android-1-150x150.jpg\" alt=\"Android versus PC\" width=\"150\" height=\"150\" \/><\/em><\/p>\n<p><em>L\u2019\u00e9volution du PC et des syst\u00e8mes d\u2019exploitation n\u2019est pas neutre, il s\u2019agit d\u2019un ph\u00e9nom\u00e8ne de fond qui va tout changer et notamment la fa\u00e7on dont on g\u00e8re la s\u00e9curit\u00e9 au travers du r\u00e9seau.\u00a0<\/em><\/p>\n<div id=\"13\"><\/div>\n<h3><a href=\"https:\/\/visionarymarketing.com\/fr\/2020\/04\/poste-de-travail-virtuel-vdi\/\">Poste de travail virtuel (VDI) : votre ordinateur dans le nuage<\/a><\/h3>\n<p><em><img decoding=\"async\" class=\"alignleft wp-image-52830 size-thumbnail\" src=\"https:\/\/visionarymarketing.com\/wp-content\/uploads\/2020\/04\/49812559006_34a5c796c6_k-e1588177190475-150x150.jpg\" alt=\"Dossier Environnement de travail du futur\" width=\"150\" height=\"150\" \/><\/em><\/p>\n<p><em>Un sujet de la high-tech passionnant m\u00eame s\u2019il est \u00ab l\u00e9g\u00e8rement \u00bb technique, et un bon exercice d\u2019histoire de la technologie qui est tr\u00e8s \u00e9clairant sur le temps long de l\u2019innovation.<\/em><\/p>\n<div id=\"14\"><\/div>\n<h3><a href=\"https:\/\/visionarymarketing.com\/fr\/2020\/05\/edf-digital-workplace\/\">EDF : la Digital Workplace change les habitudes des collaborateurs<\/a><\/h3>\n<p><em><img decoding=\"async\" class=\"wp-image-53048 size-thumbnail alignright\" src=\"https:\/\/visionarymarketing.com\/wp-content\/uploads\/2020\/05\/EDF-Digital-Workplace-150x150.jpg\" alt=\"EDF Digital Workplace\" width=\"150\" height=\"150\" \/>Avec ce balayage rapide de la mise en \u0153uvre de la Digital Workplace \u00e0 EDF, nous cl\u00f4turons ici notre reportage sur la Digital Workplace \u00e0 l\u2019issue de la matinale organis\u00e9e par IT for business en d\u00e9but d\u2019ann\u00e9e 2020.<\/em><\/p>\n<div id=\"15\"><\/div>\n<h3><a href=\"https:\/\/visionarymarketing.com\/fr\/2020\/05\/mobile-device-management\/\" target=\"_blank\" rel=\"noopener noreferrer\">Le <\/a><a style=\"font-family: Lato, serif; font-size: 24px;\" href=\"https:\/\/visionarymarketing.com\/fr\/2020\/05\/mobile-device-management\/\" target=\"_blank\" rel=\"noopener noreferrer\">Mobile Device Management (MDM) est mort, vive l&rsquo;UEM !<\/a><\/h3>\n<p><span style=\"color: #000000;\"><em><img decoding=\"async\" class=\"alignleft wp-image-53229 size-thumbnail\" style=\"color: #000000;\" src=\"https:\/\/visionarymarketing.com\/wp-content\/uploads\/2020\/05\/jumpstory-download20200518-134806-150x150.jpg\" alt=\"Dossier Environnement de travail du futur\" width=\"150\" height=\"150\" \/>Il est possible que les lecteurs de Visionary Marketing d\u00e9couvrent le vocable <\/em><\/span><span style=\"color: #000000;\"><em>de MDM (Mobile Device Management) en lisant cet article. <\/em><\/span><span style=\"color: #000000;\"><em>Auquel cas, il leur faudra faire preuve d&rsquo;adaptabilit\u00e9 car voici qu&rsquo;un nouvel acronym<\/em><\/span><span style=\"color: #000000;\"><em>e vient d\u00e9j\u00e0 le remplacer : l&rsquo;UEM ou Unified Endpoint Management.<\/em><\/span><\/p>\n<div id=\"16\">\n<h3><a href=\"https:\/\/visionarymarketing.com\/fr\/2020\/06\/ia-poste-de-travail\/\">R\u00e9flexion sur les impacts possibles de l\u2019IA sur le poste de travail et sa gestion<\/a><\/h3>\n<p><span style=\"color: #000000;\"><em><img decoding=\"async\" class=\"alignright wp-image-53777 size-thumbnail\" src=\"https:\/\/visionarymarketing.com\/wp-content\/uploads\/2020\/06\/jumpstory-download20200610-151506-scaled-e1591802175344-150x150.jpg\" alt=\"Dossier Environnement de travail du futur\" width=\"150\" height=\"150\" \/>Nous voyons ici que l&rsquo;impact de l&rsquo;IA n&rsquo;est pas que prospectif. Il est une r\u00e9alit\u00e9 d&rsquo;aujourd&rsquo;hui, notamment pour ce qui est de la gestion des parcs et de la pr\u00e9vention des risques de s\u00e9curit\u00e9.\u00a0<\/em><\/span><\/p>\n<div id=\"17\">\n<h3><a href=\"https:\/\/visionarymarketing.com\/fr\/2020\/06\/methode-agile\/\">Management de projets : 5 \u00e9tapes pour passer \u00e0 la m\u00e9thode Agile<\/a><\/h3>\n<p><em><img decoding=\"async\" class=\"wp-image-53912 size-thumbnail alignleft\" src=\"https:\/\/visionarymarketing.com\/wp-content\/uploads\/2020\/06\/jumpstory-download20200617-095638-e1592388074895-150x150.jpg\" alt=\"\" width=\"150\" height=\"150\" \/><\/em><\/p>\n<p><span style=\"color: #000000;\"><em>Interview de Michel Operto, fondateur et animateur du blog Dantotsu, et un de nos meilleurs sp\u00e9cialistes du domaine, pour revenir sur les fondamentaux de la m\u00e9thode Agile et en \u00e9carter les mythes.<\/em><\/span><\/p>\n<div id=\"18\">\n<h3><a href=\"https:\/\/visionarymarketing.com\/fr\/2020\/06\/open-source-2020\/\" target=\"_blank\" rel=\"noopener noreferrer\">Etat des lieux et avenir de l&rsquo;Open Source<\/a><\/h3>\n<p><em><a href=\"https:\/\/visionarymarketing.com\/fr\/2020\/06\/open-source-2020\/\" target=\"_blank\" rel=\"noopener\"><img decoding=\"async\" class=\"alignright wp-image-80945 size-thumbnail\" src=\"https:\/\/visionarymarketing.com\/wp-content\/uploads\/2024\/06\/image-2-150x150.jpg\" alt=\"\" width=\"150\" height=\"150\" \/><\/a> Le succ\u00e8s de certains acteurs de l\u2019Open Source dans le cloud a incit\u00e9 IBM et Microsoft \u00e0 racheter respectivement Red Hat pour 34 milliards de dollars et GitHub pour 7,5 milliards de dollars. Ces rachats confirment-ils la r\u00e9ussite de l\u2019Open Source ou en annoncent-ils la fin\u2009?<\/em><\/p>\n<\/div>\n<div id=\"19\">\n<h3><a href=\"https:\/\/visionarymarketing.com\/fr\/2020\/07\/innovation-it\/\">L\u2019innovation IT touche autant la production que le d\u00e9veloppement sinon plus<\/a><\/h3>\n<p><i><img decoding=\"async\" class=\"alignleft wp-image-54375 size-thumbnail\" src=\"https:\/\/visionarymarketing.com\/wp-content\/uploads\/2020\/07\/iu-150x150.png\" alt=\"Dossier Environnement de travail du futur\" width=\"150\" height=\"150\" \/>Innovation et production en IT, c&rsquo;est un peu la querelle des anciens et des modernes version 20e si\u00e8cle.\u00a0D&rsquo;un c\u00f4t\u00e9 il y avait les d\u00e9veloppeurs (et les utilisateurs) qui \u00e9taient \u00e0 la pointe de la\u00a0technique et de la\u00a0modernit\u00e9, et de l&rsquo;autre la production IT,\u00a0traditionaliste et\u00a0conservatrice.<\/i><\/p>\n<div id=\"18\">\n<h3><\/h3>\n<\/div>\n<div id=\"20\">\n<h3 class=\"entry-title\"><a href=\"https:\/\/visionarymarketing.com\/fr\/2020\/09\/byod-cyod\/\">BYOD et CYOD : \u00e9tat des lieux chez Suez Smart Solutions apr\u00e8s le COVID<\/a><\/h3>\n<p><i><img decoding=\"async\" class=\"alignright wp-image-55257 size-thumbnail\" src=\"https:\/\/visionarymarketing.com\/wp-content\/uploads\/2020\/09\/byod-cyod-001-2-150x150.png\" alt=\"Dossier Environnement de travail du futur\" width=\"150\" height=\"150\" \/>S&rsquo;il y a un ph\u00e9nom\u00e8ne IT que les marketeurs pratiquent quasiment tous sans toutefois \u00a0toujours en conna\u00eetre le nom, c&rsquo;est bien le BYOD (Bring You Own Device), \u00e0 savoir le fait d&rsquo;utiliser son mat\u00e9riel et logiciel personnel dans le cadre de ses fonctions (sur le lieu travail ou en d\u00e9placement et en t\u00e9l\u00e9travail, de mani\u00e8re subventionn\u00e9e ou non).<\/i><\/p>\n<div id=\"21\">\n<h3><a href=\"https:\/\/visionarymarketing.com\/fr\/2020\/09\/grands-projets-it\/\" target=\"_blank\" rel=\"noopener noreferrer\">Grands projets : une informatique raisonn\u00e9e pour mettre fin au \u00ab\u00a0g\u00e2chis\u00a0\u00bb<\/a><\/h3>\n<p><i><img decoding=\"async\" class=\"alignleft wp-image-57376 size-thumbnail\" src=\"https:\/\/visionarymarketing.com\/wp-content\/uploads\/2020\/09\/jumpstory-download20200923-092215-150x150.jpg\" alt=\"Dossier Environnement de travail du futur\" width=\"150\" height=\"150\" \/>Les grands projets informatiques ne sont pas un long fleuve tranquille.\u00a0L\u2019informatique raisonn\u00e9e\u00a0\u00bb, on aurait tout aussi bien pu \u00e9crire \u00ab\u00a0raisonnable\u00a0\u00bb, est un nouveau concept issu du\u00a0<\/i>dernier livre d\u2019Alain Lefebvre<i>, dont le but est\u00a0justement de r\u00e9parer les d\u00e9g\u00e2ts que l\u2019on constate si souvent autour de ces \u00e9normes chantiers\u00a0informatiques.\u00a0<\/i><\/p>\n<div id=\"22\">\n<h3><a href=\"https:\/\/visionarymarketing.com\/fr\/2020\/12\/livres-blancs-environnement-de-travail\/\" target=\"_blank\" rel=\"noopener\">3 livres blancs pour parfaire votre vision de l&rsquo;environnement de travail du futur<\/a><\/h3>\n<p><a href=\"https:\/\/wp.me\/p3XOzT-fEx\" target=\"_blank\" rel=\"noopener\"><img decoding=\"async\" class=\"alignright wp-image-60208 size-thumbnail\" src=\"https:\/\/visionarymarketing.com\/wp-content\/uploads\/2020\/12\/jumpstory-download20201208-160432-scaled-e1607443563884-150x150.jpg\" alt=\"environnement de travail du futur\" width=\"150\" height=\"150\" \/><\/a>3 livres blancs, rien que \u00e7a, pour regrouper par th\u00e8me et faire la synth\u00e8se d&rsquo;un an de publication de notre dossier sur le th\u00e8me \u00ab\u00a0Environnement de travail du futur\u00a0\u00bb traitant de l&rsquo;\u00e9volution du monde du travail, et de toutes les facettes de l&rsquo;innovation et de leur impact sur l&rsquo;environnement de travail.<\/p>\n<\/div>\n<\/div>\n<\/div>\n<\/div>\n<\/div>\n<\/div>\n","protected":false},"excerpt":{"rendered":"<p>Ceci est une s\u00e9rie compl\u00e8te sur l&rsquo; Environnement de Travail\u00a0num\u00e9rique du futur. Technologie, innovation et digital, mais aussi organisation et ressources humaines, sont au centre de cette enqu\u00eate qui pose les questions fondamentales de nos environnements de travail et de la fa\u00e7on dont leur \u00e9volution transforme d\u00e9j\u00e0 et transformera d\u00e8s demain le travail des employ\u00e9s &hellip;<\/p>\n","protected":false},"author":2,"featured_media":60317,"parent":0,"menu_order":0,"comment_status":"closed","ping_status":"closed","template":"","meta":{"footnotes":""},"class_list":["post-35353","page","type-page","status-publish","has-post-thumbnail","hentry"],"yoast_head":"<!-- This site is optimized with the Yoast SEO plugin v27.4 - https:\/\/yoast.com\/product\/yoast-seo-wordpress\/ -->\n<title>Environnement de travail du futur, innovation, technologie et digital<\/title>\n<meta name=\"description\" content=\"Nous publions une s\u00e9rie compl\u00e8te sur l&#039;Environnement de Travail\u00a0num\u00e9rique du futur. Technologie, innovation et digital, organisation et RH\" \/>\n<meta name=\"robots\" content=\"index, follow, max-snippet:-1, max-image-preview:large, max-video-preview:-1\" \/>\n<link rel=\"canonical\" href=\"https:\/\/visionarymarketing.com\/fr\/environnement-de-travail-futur\/\" \/>\n<meta property=\"og:locale\" content=\"fr_FR\" \/>\n<meta property=\"og:type\" content=\"article\" \/>\n<meta property=\"og:title\" content=\"Environnement de travail du futur, innovation, technologie et digital\" \/>\n<meta property=\"og:description\" content=\"Nous publions une s\u00e9rie compl\u00e8te sur l&#039;Environnement de Travail\u00a0num\u00e9rique du futur. Technologie, innovation et digital, organisation et RH\" \/>\n<meta property=\"og:url\" content=\"https:\/\/visionarymarketing.com\/fr\/environnement-de-travail-futur\/\" \/>\n<meta property=\"og:site_name\" content=\"Marketing and Innovation\" \/>\n<meta property=\"article:publisher\" content=\"https:\/\/www.facebook.com\/vismktg\" \/>\n<meta property=\"article:modified_time\" content=\"2025-05-09T05:32:37+00:00\" \/>\n<meta property=\"og:image\" content=\"https:\/\/visionarymarketing.com\/wp-content\/uploads\/2020\/12\/wp-thumbnail-520-340-1-1.jpg\" \/>\n\t<meta property=\"og:image:width\" content=\"520\" \/>\n\t<meta property=\"og:image:height\" content=\"340\" \/>\n\t<meta property=\"og:image:type\" content=\"image\/jpeg\" \/>\n<meta name=\"twitter:card\" content=\"summary_large_image\" \/>\n<meta name=\"twitter:site\" content=\"@ygourven\" \/>\n<meta name=\"twitter:label1\" content=\"Dur\u00e9e de lecture estim\u00e9e\" \/>\n\t<meta name=\"twitter:data1\" content=\"13 minutes\" \/>\n<script type=\"application\/ld+json\" class=\"yoast-schema-graph\">{\"@context\":\"https:\\\/\\\/schema.org\",\"@graph\":[{\"@type\":\"WebPage\",\"@id\":\"https:\\\/\\\/visionarymarketing.com\\\/fr\\\/environnement-de-travail-futur\\\/\",\"url\":\"https:\\\/\\\/visionarymarketing.com\\\/fr\\\/environnement-de-travail-futur\\\/\",\"name\":\"Environnement de travail du futur, innovation, technologie et digital\",\"isPartOf\":{\"@id\":\"https:\\\/\\\/visionarymarketing.com\\\/fr\\\/#website\"},\"primaryImageOfPage\":{\"@id\":\"https:\\\/\\\/visionarymarketing.com\\\/fr\\\/environnement-de-travail-futur\\\/#primaryimage\"},\"image\":{\"@id\":\"https:\\\/\\\/visionarymarketing.com\\\/fr\\\/environnement-de-travail-futur\\\/#primaryimage\"},\"thumbnailUrl\":\"https:\\\/\\\/visionarymarketing.com\\\/wp-content\\\/uploads\\\/2020\\\/12\\\/wp-thumbnail-520-340-1-1.jpg\",\"datePublished\":\"2020-02-01T05:43:40+00:00\",\"dateModified\":\"2025-05-09T05:32:37+00:00\",\"description\":\"Nous publions une s\u00e9rie compl\u00e8te sur l'Environnement de Travail\u00a0num\u00e9rique du futur. Technologie, innovation et digital, organisation et RH\",\"breadcrumb\":{\"@id\":\"https:\\\/\\\/visionarymarketing.com\\\/fr\\\/environnement-de-travail-futur\\\/#breadcrumb\"},\"inLanguage\":\"fr-FR\",\"potentialAction\":[{\"@type\":\"ReadAction\",\"target\":[\"https:\\\/\\\/visionarymarketing.com\\\/fr\\\/environnement-de-travail-futur\\\/\"]}]},{\"@type\":\"ImageObject\",\"inLanguage\":\"fr-FR\",\"@id\":\"https:\\\/\\\/visionarymarketing.com\\\/fr\\\/environnement-de-travail-futur\\\/#primaryimage\",\"url\":\"https:\\\/\\\/visionarymarketing.com\\\/wp-content\\\/uploads\\\/2020\\\/12\\\/wp-thumbnail-520-340-1-1.jpg\",\"contentUrl\":\"https:\\\/\\\/visionarymarketing.com\\\/wp-content\\\/uploads\\\/2020\\\/12\\\/wp-thumbnail-520-340-1-1.jpg\",\"width\":520,\"height\":340,\"caption\":\"Dossier environnement du travail\"},{\"@type\":\"BreadcrumbList\",\"@id\":\"https:\\\/\\\/visionarymarketing.com\\\/fr\\\/environnement-de-travail-futur\\\/#breadcrumb\",\"itemListElement\":[{\"@type\":\"ListItem\",\"position\":1,\"name\":\"Home\",\"item\":\"https:\\\/\\\/visionarymarketing.com\\\/fr\\\/\"},{\"@type\":\"ListItem\",\"position\":2,\"name\":\"Dossier Environnement de travail du futur\"}]},{\"@type\":\"WebSite\",\"@id\":\"https:\\\/\\\/visionarymarketing.com\\\/fr\\\/#website\",\"url\":\"https:\\\/\\\/visionarymarketing.com\\\/fr\\\/\",\"name\":\"Marketing and Innovation\",\"description\":\"Site d&#039;infos ind\u00e9pendant, depuis 1996\",\"potentialAction\":[{\"@type\":\"SearchAction\",\"target\":{\"@type\":\"EntryPoint\",\"urlTemplate\":\"https:\\\/\\\/visionarymarketing.com\\\/fr\\\/?s={search_term_string}\"},\"query-input\":{\"@type\":\"PropertyValueSpecification\",\"valueRequired\":true,\"valueName\":\"search_term_string\"}}],\"inLanguage\":\"fr-FR\"}]}<\/script>\n<!-- \/ Yoast SEO plugin. -->","yoast_head_json":{"title":"Environnement de travail du futur, innovation, technologie et digital","description":"Nous publions une s\u00e9rie compl\u00e8te sur l'Environnement de Travail\u00a0num\u00e9rique du futur. Technologie, innovation et digital, organisation et RH","robots":{"index":"index","follow":"follow","max-snippet":"max-snippet:-1","max-image-preview":"max-image-preview:large","max-video-preview":"max-video-preview:-1"},"canonical":"https:\/\/visionarymarketing.com\/fr\/environnement-de-travail-futur\/","og_locale":"fr_FR","og_type":"article","og_title":"Environnement de travail du futur, innovation, technologie et digital","og_description":"Nous publions une s\u00e9rie compl\u00e8te sur l'Environnement de Travail\u00a0num\u00e9rique du futur. Technologie, innovation et digital, organisation et RH","og_url":"https:\/\/visionarymarketing.com\/fr\/environnement-de-travail-futur\/","og_site_name":"Marketing and Innovation","article_publisher":"https:\/\/www.facebook.com\/vismktg","article_modified_time":"2025-05-09T05:32:37+00:00","og_image":[{"width":520,"height":340,"url":"https:\/\/visionarymarketing.com\/wp-content\/uploads\/2020\/12\/wp-thumbnail-520-340-1-1.jpg","type":"image\/jpeg"}],"twitter_card":"summary_large_image","twitter_site":"@ygourven","twitter_misc":{"Dur\u00e9e de lecture estim\u00e9e":"13 minutes"},"schema":{"@context":"https:\/\/schema.org","@graph":[{"@type":"WebPage","@id":"https:\/\/visionarymarketing.com\/fr\/environnement-de-travail-futur\/","url":"https:\/\/visionarymarketing.com\/fr\/environnement-de-travail-futur\/","name":"Environnement de travail du futur, innovation, technologie et digital","isPartOf":{"@id":"https:\/\/visionarymarketing.com\/fr\/#website"},"primaryImageOfPage":{"@id":"https:\/\/visionarymarketing.com\/fr\/environnement-de-travail-futur\/#primaryimage"},"image":{"@id":"https:\/\/visionarymarketing.com\/fr\/environnement-de-travail-futur\/#primaryimage"},"thumbnailUrl":"https:\/\/visionarymarketing.com\/wp-content\/uploads\/2020\/12\/wp-thumbnail-520-340-1-1.jpg","datePublished":"2020-02-01T05:43:40+00:00","dateModified":"2025-05-09T05:32:37+00:00","description":"Nous publions une s\u00e9rie compl\u00e8te sur l'Environnement de Travail\u00a0num\u00e9rique du futur. Technologie, innovation et digital, organisation et RH","breadcrumb":{"@id":"https:\/\/visionarymarketing.com\/fr\/environnement-de-travail-futur\/#breadcrumb"},"inLanguage":"fr-FR","potentialAction":[{"@type":"ReadAction","target":["https:\/\/visionarymarketing.com\/fr\/environnement-de-travail-futur\/"]}]},{"@type":"ImageObject","inLanguage":"fr-FR","@id":"https:\/\/visionarymarketing.com\/fr\/environnement-de-travail-futur\/#primaryimage","url":"https:\/\/visionarymarketing.com\/wp-content\/uploads\/2020\/12\/wp-thumbnail-520-340-1-1.jpg","contentUrl":"https:\/\/visionarymarketing.com\/wp-content\/uploads\/2020\/12\/wp-thumbnail-520-340-1-1.jpg","width":520,"height":340,"caption":"Dossier environnement du travail"},{"@type":"BreadcrumbList","@id":"https:\/\/visionarymarketing.com\/fr\/environnement-de-travail-futur\/#breadcrumb","itemListElement":[{"@type":"ListItem","position":1,"name":"Home","item":"https:\/\/visionarymarketing.com\/fr\/"},{"@type":"ListItem","position":2,"name":"Dossier Environnement de travail du futur"}]},{"@type":"WebSite","@id":"https:\/\/visionarymarketing.com\/fr\/#website","url":"https:\/\/visionarymarketing.com\/fr\/","name":"Marketing and Innovation","description":"Site d&#039;infos ind\u00e9pendant, depuis 1996","potentialAction":[{"@type":"SearchAction","target":{"@type":"EntryPoint","urlTemplate":"https:\/\/visionarymarketing.com\/fr\/?s={search_term_string}"},"query-input":{"@type":"PropertyValueSpecification","valueRequired":true,"valueName":"search_term_string"}}],"inLanguage":"fr-FR"}]}},"_links":{"self":[{"href":"https:\/\/visionarymarketing.com\/fr\/wp-json\/wp\/v2\/pages\/35353","targetHints":{"allow":["GET"]}}],"collection":[{"href":"https:\/\/visionarymarketing.com\/fr\/wp-json\/wp\/v2\/pages"}],"about":[{"href":"https:\/\/visionarymarketing.com\/fr\/wp-json\/wp\/v2\/types\/page"}],"author":[{"embeddable":true,"href":"https:\/\/visionarymarketing.com\/fr\/wp-json\/wp\/v2\/users\/2"}],"replies":[{"embeddable":true,"href":"https:\/\/visionarymarketing.com\/fr\/wp-json\/wp\/v2\/comments?post=35353"}],"version-history":[{"count":0,"href":"https:\/\/visionarymarketing.com\/fr\/wp-json\/wp\/v2\/pages\/35353\/revisions"}],"wp:featuredmedia":[{"embeddable":true,"href":"https:\/\/visionarymarketing.com\/fr\/wp-json\/wp\/v2\/media\/60317"}],"wp:attachment":[{"href":"https:\/\/visionarymarketing.com\/fr\/wp-json\/wp\/v2\/media?parent=35353"}],"curies":[{"name":"wp","href":"https:\/\/api.w.org\/{rel}","templated":true}]}}